{"id":1938,"date":"2024-08-05T20:22:41","date_gmt":"2024-08-05T18:22:41","guid":{"rendered":"http:\/\/www.ospstarawies.brzozow.pl\/?page_id=1938"},"modified":"2024-12-22T18:29:31","modified_gmt":"2024-12-22T17:29:31","slug":"wydarzenia-2024","status":"publish","type":"page","link":"http:\/\/www.ospstarawies.brzozow.pl\/index.php\/wydarzenia-2024\/","title":{"rendered":"Aktualno\u015bci 2024"},"content":{"rendered":"<p style=\"text-align: center;\"><strong><em><span style=\"font-size: 14pt;\">WESO\u0141YCH \u00a0\u015aWI\u0104T \u00a0BO\u017bEGO \u00a0NARODZENIA<\/span><\/em><\/strong><\/p>\n<p style=\"text-align: center;\"><strong><em><span style=\"font-size: 14pt;\">ORAZ \u00a0SZCZ\u0118\u015aLIWEGO \u00a0NOWEGO \u00a0ROKU!<\/span><\/em><\/strong><\/p>\n<p>&nbsp;<\/p>\n<p><span style=\"font-size: 14pt;\">Z okazji \u015awi\u0105t Bo\u017cego Narodzenia \u017cyczymy wszystkim mieszka\u0144com naszej miejscowo\u015bci, stra\u017cakom, ich rodzinom du\u017co zdrowia, rado\u015bci, mi\u0142o\u015bci, \u017cyczliwo\u015bci, pi\u0119knych chwil sp\u0119dzonych w gronie rodzinnym. Niech Bo\u017ce Dzieci\u0119 obdarza wszystkich pokojem, pomy\u015blno\u015bci\u0105 w codziennych staraniach i troskach, aby ten \u015bwi\u0105teczny czas by\u0142 okazj\u0105 do odpoczynku od wszelkich trosk, zmartwie\u0144 i powszechnego po\u015bpiechu a optymizm i poczucie bezpiecze\u0144stwa niech towarzyszy ka\u017cdemu z Was w nadchodz\u0105cym Nowym Roku 2025.<\/span><\/p>\n<p><span style=\"font-size: 14pt;\">\u017byczy OSP Stara Wie\u015b.<\/span><\/p>\n<p><a href=\"http:\/\/www.ospstarawies.brzozow.pl\/index.php\/udzial-w-zdarzeniach-2024\/poprawione\/#main\" rel=\"attachment wp-att-2205\"><img decoding=\"async\" loading=\"lazy\" class=\"size-full wp-image-2205 aligncenter\" src=\"http:\/\/www.ospstarawies.brzozow.pl\/wp-content\/uploads\/2024\/12\/poprawione.png\" alt=\"\" width=\"624\" height=\"946\" srcset=\"http:\/\/www.ospstarawies.brzozow.pl\/wp-content\/uploads\/2024\/12\/poprawione.png 624w, http:\/\/www.ospstarawies.brzozow.pl\/wp-content\/uploads\/2024\/12\/poprawione-198x300.png 198w\" sizes=\"(max-width: 624px) 100vw, 624px\" \/><\/a><\/p>\n<hr \/>\n<p style=\"text-align: center;\"><span style=\"font-size: 18pt;\"><strong>DZI\u0118KUJEMY!<\/strong><\/span><\/p>\n<p>Zarz\u0105d OSP Stara Wie\u015b wraz druhami rozprowadzaj\u0105cymi kalendarze po naszej miejscowo\u015bci, sk\u0142adaj\u0105 serdeczne podzi\u0119kowania wszystkim mieszka\u0144com Starej Wsi, za zaufanie jakim nas darzycie, za mi\u0142e i serdeczne przyj\u0119cie w Waszych domostwach, oraz okazane wsparcie finansowe. Darowizny pieni\u0119\u017cne w ca\u0142o\u015bci zostan\u0105 przeznaczone na zakup koniecznego sprz\u0119tu, umundurowanie pododdzia\u0142u bojowego oraz cele statutowe. Wszystkim Pa\u0144stwu SERDECZNIE DZI\u0118KUJEMY!<\/p>\n<p><a href=\"http:\/\/www.ospstarawies.brzozow.pl\/index.php\/wydarzenia-2024\/2-8\/#main\" rel=\"attachment wp-att-2201\"><img decoding=\"async\" loading=\"lazy\" class=\"alignleft wp-image-2201 size-medium\" src=\"http:\/\/www.ospstarawies.brzozow.pl\/wp-content\/uploads\/2024\/12\/2-135x300.jpg\" alt=\"\" width=\"135\" height=\"300\" srcset=\"http:\/\/www.ospstarawies.brzozow.pl\/wp-content\/uploads\/2024\/12\/2-135x300.jpg 135w, http:\/\/www.ospstarawies.brzozow.pl\/wp-content\/uploads\/2024\/12\/2-461x1024.jpg 461w, http:\/\/www.ospstarawies.brzozow.pl\/wp-content\/uploads\/2024\/12\/2-768x1707.jpg 768w, http:\/\/www.ospstarawies.brzozow.pl\/wp-content\/uploads\/2024\/12\/2-691x1536.jpg 691w, http:\/\/www.ospstarawies.brzozow.pl\/wp-content\/uploads\/2024\/12\/2-922x2048.jpg 922w, http:\/\/www.ospstarawies.brzozow.pl\/wp-content\/uploads\/2024\/12\/2-scaled.jpg 1152w\" sizes=\"(max-width: 135px) 100vw, 135px\" \/><\/a><a href=\"http:\/\/www.ospstarawies.brzozow.pl\/index.php\/wydarzenia-2024\/6-4\/#main\" rel=\"attachment wp-att-2200\"><img decoding=\"async\" loading=\"lazy\" class=\"alignleft wp-image-2200 size-medium\" src=\"http:\/\/www.ospstarawies.brzozow.pl\/wp-content\/uploads\/2024\/12\/6-135x300.jpg\" alt=\"\" width=\"135\" height=\"300\" srcset=\"http:\/\/www.ospstarawies.brzozow.pl\/wp-content\/uploads\/2024\/12\/6-135x300.jpg 135w, http:\/\/www.ospstarawies.brzozow.pl\/wp-content\/uploads\/2024\/12\/6-461x1024.jpg 461w, http:\/\/www.ospstarawies.brzozow.pl\/wp-content\/uploads\/2024\/12\/6-768x1707.jpg 768w, http:\/\/www.ospstarawies.brzozow.pl\/wp-content\/uploads\/2024\/12\/6-691x1536.jpg 691w, http:\/\/www.ospstarawies.brzozow.pl\/wp-content\/uploads\/2024\/12\/6-922x2048.jpg 922w, http:\/\/www.ospstarawies.brzozow.pl\/wp-content\/uploads\/2024\/12\/6-scaled.jpg 1152w\" sizes=\"(max-width: 135px) 100vw, 135px\" \/><\/a><a href=\"http:\/\/www.ospstarawies.brzozow.pl\/index.php\/wydarzenia-2024\/4-6\/#main\" rel=\"attachment wp-att-2202\"><img decoding=\"async\" loading=\"lazy\" class=\"alignleft wp-image-2202 size-medium\" src=\"http:\/\/www.ospstarawies.brzozow.pl\/wp-content\/uploads\/2024\/12\/4-135x300.jpg\" alt=\"\" width=\"135\" height=\"300\" srcset=\"http:\/\/www.ospstarawies.brzozow.pl\/wp-content\/uploads\/2024\/12\/4-135x300.jpg 135w, http:\/\/www.ospstarawies.brzozow.pl\/wp-content\/uploads\/2024\/12\/4-461x1024.jpg 461w, http:\/\/www.ospstarawies.brzozow.pl\/wp-content\/uploads\/2024\/12\/4-768x1707.jpg 768w, http:\/\/www.ospstarawies.brzozow.pl\/wp-content\/uploads\/2024\/12\/4-691x1536.jpg 691w, http:\/\/www.ospstarawies.brzozow.pl\/wp-content\/uploads\/2024\/12\/4-922x2048.jpg 922w, http:\/\/www.ospstarawies.brzozow.pl\/wp-content\/uploads\/2024\/12\/4-scaled.jpg 1152w\" sizes=\"(max-width: 135px) 100vw, 135px\" \/><\/a><\/p>\n<p>&nbsp;<\/p>\n<p>&nbsp;<\/p>\n<p>&nbsp;<\/p>\n<p>&nbsp;<\/p>\n<p>&nbsp;<\/p>\n<p>&nbsp;<\/p>\n<p>&nbsp;<\/p>\n<p>&nbsp;<\/p>\n<hr \/>\n<p style=\"text-align: center;\"><span style=\"font-size: 18pt; color: #800000;\">Zako\u0144czenie kursu ,,kierowca konserwator sprz\u0119tu po\u017carniczego&#8221;<\/span><\/p>\n<p style=\"text-align: left;\"><span style=\"color: #000000;\">30 listopada 2024r, niedaleko dawnego uzdrowiska ,,Brzoz\u00f3w Zdr\u00f3j &#8221; odby\u0142 si\u0119 egzamin praktyczny kursu ,,kierowca konserwator sprz\u0119tu ratowniczego,&#8221;kt\u00f3rego organizatorem by\u0142a KP PSP w Brzozowie.\u00a0 Uczestniczy\u0142o w nim trzech ratownik\u00f3w naszej jednostki, kt\u00f3rzy uko\u0144czyli cz\u0119\u015b\u0107 teoretyczn\u0105 oraz praktyczn\u0105\u00a0 z bardzo dobrym wynikiem.\u00a0 Gratulujemy naszym druhom!<\/span><\/p>\n<p><a href=\"http:\/\/www.ospstarawies.brzozow.pl\/index.php\/wydarzenia-2024\/kierowca-kons\/#main\" rel=\"attachment wp-att-2190\"><img decoding=\"async\" loading=\"lazy\" class=\"alignleft size-medium wp-image-2190\" src=\"http:\/\/www.ospstarawies.brzozow.pl\/wp-content\/uploads\/2024\/12\/kierowca-kons-300x135.jpg\" alt=\"\" width=\"300\" height=\"135\" srcset=\"http:\/\/www.ospstarawies.brzozow.pl\/wp-content\/uploads\/2024\/12\/kierowca-kons-300x135.jpg 300w, http:\/\/www.ospstarawies.brzozow.pl\/wp-content\/uploads\/2024\/12\/kierowca-kons-1024x461.jpg 1024w, http:\/\/www.ospstarawies.brzozow.pl\/wp-content\/uploads\/2024\/12\/kierowca-kons-768x346.jpg 768w, http:\/\/www.ospstarawies.brzozow.pl\/wp-content\/uploads\/2024\/12\/kierowca-kons-1536x691.jpg 1536w, http:\/\/www.ospstarawies.brzozow.pl\/wp-content\/uploads\/2024\/12\/kierowca-kons.jpg 1920w\" sizes=\"(max-width: 300px) 100vw, 300px\" \/><\/a><a href=\"http:\/\/www.ospstarawies.brzozow.pl\/index.php\/wydarzenia-2024\/kierowca-kons1\/#main\" rel=\"attachment wp-att-2191\"><img decoding=\"async\" loading=\"lazy\" class=\"alignleft size-medium wp-image-2191\" src=\"http:\/\/www.ospstarawies.brzozow.pl\/wp-content\/uploads\/2024\/12\/kierowca-kons1-300x135.jpg\" alt=\"\" width=\"300\" height=\"135\" srcset=\"http:\/\/www.ospstarawies.brzozow.pl\/wp-content\/uploads\/2024\/12\/kierowca-kons1-300x135.jpg 300w, http:\/\/www.ospstarawies.brzozow.pl\/wp-content\/uploads\/2024\/12\/kierowca-kons1-1024x461.jpg 1024w, http:\/\/www.ospstarawies.brzozow.pl\/wp-content\/uploads\/2024\/12\/kierowca-kons1-768x346.jpg 768w, http:\/\/www.ospstarawies.brzozow.pl\/wp-content\/uploads\/2024\/12\/kierowca-kons1-1536x691.jpg 1536w, http:\/\/www.ospstarawies.brzozow.pl\/wp-content\/uploads\/2024\/12\/kierowca-kons1.jpg 1920w\" sizes=\"(max-width: 300px) 100vw, 300px\" \/><\/a><\/p>\n<p>&nbsp;<\/p>\n<p>&nbsp;<\/p>\n<p><span style=\"font-size: 8pt;\">Zdj\u0119cia \u017ar\u00f3d\u0142o PSP Brzoz\u00f3w<\/span><\/p>\n<hr \/>\n<p><a href=\"http:\/\/www.ospstarawies.brzozow.pl\/index.php\/wydarzenia-2024\/plomienie-4\/#main\" rel=\"attachment wp-att-2181\"><img decoding=\"async\" loading=\"lazy\" class=\"alignleft size-large wp-image-2181\" src=\"http:\/\/www.ospstarawies.brzozow.pl\/wp-content\/uploads\/2024\/11\/plomienie-3-1024x683.png\" alt=\"\" width=\"1024\" height=\"683\" srcset=\"http:\/\/www.ospstarawies.brzozow.pl\/wp-content\/uploads\/2024\/11\/plomienie-3-1024x683.png 1024w, http:\/\/www.ospstarawies.brzozow.pl\/wp-content\/uploads\/2024\/11\/plomienie-3-300x200.png 300w, http:\/\/www.ospstarawies.brzozow.pl\/wp-content\/uploads\/2024\/11\/plomienie-3-768x512.png 768w, http:\/\/www.ospstarawies.brzozow.pl\/wp-content\/uploads\/2024\/11\/plomienie-3-1536x1024.png 1536w, http:\/\/www.ospstarawies.brzozow.pl\/wp-content\/uploads\/2024\/11\/plomienie-3.png 1920w\" sizes=\"(max-width: 1024px) 100vw, 1024px\" \/><\/a><\/p>\n<p><a href=\"http:\/\/www.ospstarawies.brzozow.pl\/index.php\/wydarzenia-2024\/osp-1\/#main\" rel=\"attachment wp-att-2177\"><img decoding=\"async\" loading=\"lazy\" class=\"alignleft size-large wp-image-2177\" src=\"http:\/\/www.ospstarawies.brzozow.pl\/wp-content\/uploads\/2024\/11\/osp-1-723x1024.jpg\" alt=\"\" width=\"723\" height=\"1024\" srcset=\"http:\/\/www.ospstarawies.brzozow.pl\/wp-content\/uploads\/2024\/11\/osp-1-723x1024.jpg 723w, http:\/\/www.ospstarawies.brzozow.pl\/wp-content\/uploads\/2024\/11\/osp-1-212x300.jpg 212w, http:\/\/www.ospstarawies.brzozow.pl\/wp-content\/uploads\/2024\/11\/osp-1-768x1087.jpg 768w, http:\/\/www.ospstarawies.brzozow.pl\/wp-content\/uploads\/2024\/11\/osp-1-1085x1536.jpg 1085w, http:\/\/www.ospstarawies.brzozow.pl\/wp-content\/uploads\/2024\/11\/osp-1-1447x2048.jpg 1447w, http:\/\/www.ospstarawies.brzozow.pl\/wp-content\/uploads\/2024\/11\/osp-1.jpg 1451w\" sizes=\"(max-width: 723px) 100vw, 723px\" \/><\/a><\/p>\n<p><a href=\"http:\/\/www.ospstarawies.brzozow.pl\/index.php\/wydarzenia-2024\/osp-2-2\/#main\" rel=\"attachment wp-att-2178\"><img decoding=\"async\" loading=\"lazy\" class=\"alignleft size-large wp-image-2178\" src=\"http:\/\/www.ospstarawies.brzozow.pl\/wp-content\/uploads\/2024\/11\/osp-2-723x1024.jpg\" alt=\"\" width=\"723\" height=\"1024\" srcset=\"http:\/\/www.ospstarawies.brzozow.pl\/wp-content\/uploads\/2024\/11\/osp-2-723x1024.jpg 723w, http:\/\/www.ospstarawies.brzozow.pl\/wp-content\/uploads\/2024\/11\/osp-2-212x300.jpg 212w, http:\/\/www.ospstarawies.brzozow.pl\/wp-content\/uploads\/2024\/11\/osp-2-768x1087.jpg 768w, http:\/\/www.ospstarawies.brzozow.pl\/wp-content\/uploads\/2024\/11\/osp-2-1085x1536.jpg 1085w, http:\/\/www.ospstarawies.brzozow.pl\/wp-content\/uploads\/2024\/11\/osp-2-1447x2048.jpg 1447w, http:\/\/www.ospstarawies.brzozow.pl\/wp-content\/uploads\/2024\/11\/osp-2.jpg 1451w\" sizes=\"(max-width: 723px) 100vw, 723px\" \/><\/a><\/p>\n<p>&nbsp;<\/p>\n<p>&nbsp;<\/p>\n<hr \/>\n<p><a href=\"http:\/\/www.ospstarawies.brzozow.pl\/index.php\/wydarzenia-2024\/11-listopada\/#main\" rel=\"attachment wp-att-2154\"><img decoding=\"async\" loading=\"lazy\" class=\"aligncenter size-full wp-image-2154\" src=\"http:\/\/www.ospstarawies.brzozow.pl\/wp-content\/uploads\/2024\/11\/11-listopada.png\" alt=\"\" width=\"861\" height=\"363\" srcset=\"http:\/\/www.ospstarawies.brzozow.pl\/wp-content\/uploads\/2024\/11\/11-listopada.png 861w, http:\/\/www.ospstarawies.brzozow.pl\/wp-content\/uploads\/2024\/11\/11-listopada-300x126.png 300w, http:\/\/www.ospstarawies.brzozow.pl\/wp-content\/uploads\/2024\/11\/11-listopada-768x324.png 768w\" sizes=\"(max-width: 861px) 100vw, 861px\" \/><\/a>W dniu 11 listopada 2024r w Brzozowie odby\u0142y si\u0119 Powiatowo-Gminne Obchody Narodowego \u015awi\u0119ta Niepodleg\u0142o\u015bci, gdzie udzia\u0142 r\u00f3wnie\u017c wzi\u0119li nasi stra\u017cacy z pocztem sztandarowym. Msza \u015bw. w Bazylice Mniejszej\u00a0 Przemienienia Pa\u0144skiego w Brzozowie, w intencji Ojczyzny rozpocz\u0119\u0142a uroczysto\u015b\u0107. Nast\u0119pnie po mszy na czele z orkiestr\u0105 d\u0119t\u0105 BDK udali\u015bmy si\u0119 si\u0119 pod pomnik Marsza\u0142ka J\u00f3zefa Pi\u0142sudskiego, gdzie odegrano Hymn Pa\u0144stwowy, oraz zosta\u0142y z\u0142o\u017cone wie\u0144ce i wi\u0105zanki przez delegat\u00f3w mi. Starostwa Powiatowego, Urz\u0119du Gminy, Policji, Pa\u0144stwowej Stra\u017cy Po\u017carnej, oraz innych przedstawicieli organizacji lokalnych dzia\u0142aj\u0105cych na naszym terenie.<\/p>\n<p>Link do filmu i zdj\u0119\u0107 poni\u017cej.<em> Materia\u0142 \u017ar\u00f3d\u0142owy Brzozowiana.pl<\/em><\/p>\n<p><a href=\"http:\/\/www.ospstarawies.brzozow.pl\/index.php\/wydarzenia-2024\/marsz\/#main\" rel=\"attachment wp-att-2155\"><img decoding=\"async\" loading=\"lazy\" class=\"alignleft size-thumbnail wp-image-2155\" src=\"http:\/\/www.ospstarawies.brzozow.pl\/wp-content\/uploads\/2024\/11\/marsz-150x150.png\" alt=\"\" width=\"150\" height=\"150\" \/><\/a><a href=\"http:\/\/www.ospstarawies.brzozow.pl\/index.php\/wydarzenia-2024\/marsz1\/#main\" rel=\"attachment wp-att-2156\"><img decoding=\"async\" loading=\"lazy\" class=\"alignleft size-thumbnail wp-image-2156\" src=\"http:\/\/www.ospstarawies.brzozow.pl\/wp-content\/uploads\/2024\/11\/marsz1-150x150.png\" alt=\"\" width=\"150\" height=\"150\" \/><\/a><a href=\"http:\/\/www.ospstarawies.brzozow.pl\/index.php\/wydarzenia-2024\/marsz3\/#main\" rel=\"attachment wp-att-2157\"><img decoding=\"async\" loading=\"lazy\" class=\"alignleft size-thumbnail wp-image-2157\" src=\"http:\/\/www.ospstarawies.brzozow.pl\/wp-content\/uploads\/2024\/11\/marsz3-150x150.png\" alt=\"\" width=\"150\" height=\"150\" \/><\/a><a href=\"http:\/\/www.ospstarawies.brzozow.pl\/index.php\/wydarzenia-2024\/marsz4\/#main\" rel=\"attachment wp-att-2158\"><img decoding=\"async\" loading=\"lazy\" class=\"alignleft size-thumbnail wp-image-2158\" src=\"http:\/\/www.ospstarawies.brzozow.pl\/wp-content\/uploads\/2024\/11\/marsz4-150x150.png\" alt=\"\" width=\"150\" height=\"150\" \/><\/a><a href=\"http:\/\/www.ospstarawies.brzozow.pl\/index.php\/wydarzenia-2024\/marsz5\/#main\" rel=\"attachment wp-att-2159\"><img decoding=\"async\" loading=\"lazy\" class=\"alignleft size-thumbnail wp-image-2159\" src=\"http:\/\/www.ospstarawies.brzozow.pl\/wp-content\/uploads\/2024\/11\/marsz5-150x150.png\" alt=\"\" width=\"150\" height=\"150\" \/><\/a><\/p>\n<p><iframe loading=\"lazy\" title=\"106. rocznica odzyskania niepodleg\u0142o\u015bci. Brzoz\u00f3w 2024.\" width=\"1200\" height=\"675\" src=\"https:\/\/www.youtube.com\/embed\/AmiQh-EPmoY?feature=oembed\" frameborder=\"0\" allow=\"accelerometer; autoplay; clipboard-write; encrypted-media; gyroscope; picture-in-picture; web-share\" referrerpolicy=\"strict-origin-when-cross-origin\" allowfullscreen><\/iframe><\/p>\n<hr \/>\n<p style=\"text-align: center;\"><span class=\"x193iq5w xeuugli x13faqbe x1vvkbs x1xmvt09 x1lliihq x1s928wv xhkezso x1gmr53x x1cpjm7i x1fgarty x1943h6x xudqn12 x3x7a5m x6prxxf xvq8zen xo1l8bm xzsf02u\" dir=\"auto\"><strong><em><span style=\"font-family: times new roman, times, serif; font-size: 24pt;\">1 Listopada<\/span><\/em><\/strong><br \/>\n<\/span><\/p>\n<p><span class=\"x193iq5w xeuugli x13faqbe x1vvkbs x1xmvt09 x1lliihq x1s928wv xhkezso x1gmr53x x1cpjm7i x1fgarty x1943h6x xudqn12 x3x7a5m x6prxxf xvq8zen xo1l8bm xzsf02u\" dir=\"auto\" style=\"font-size: 14pt;\">\u00a0\u00a0 Dzie\u0144 Wszystkich \u015awi\u0119tych, dzie\u0144 w kt\u00f3rym wspominamy tych kt\u00f3rzy od nas odeszli, naszych bliskich, przyjaci\u00f3\u0142, znajomych, wspominamy r\u00f3wnie\u017c zmar\u0142ych stra\u017cak\u00f3w z naszej miejscowo\u015bci, <\/span><span style=\"font-size: 14pt; font-family: times new roman, times, serif;\">kt\u00f3rzy odeszli na wieczn\u0105 s\u0142u\u017cb\u0119.<\/span><\/p>\n<p><a href=\"http:\/\/www.ospstarawies.brzozow.pl\/index.php\/wydarzenia-2024\/1-l\/#main\" rel=\"attachment wp-att-1978\"><img decoding=\"async\" loading=\"lazy\" class=\"aligncenter size-full wp-image-1978\" src=\"http:\/\/www.ospstarawies.brzozow.pl\/wp-content\/uploads\/2024\/11\/1-l.png\" alt=\"\" width=\"889\" height=\"482\" srcset=\"http:\/\/www.ospstarawies.brzozow.pl\/wp-content\/uploads\/2024\/11\/1-l.png 889w, http:\/\/www.ospstarawies.brzozow.pl\/wp-content\/uploads\/2024\/11\/1-l-300x163.png 300w, http:\/\/www.ospstarawies.brzozow.pl\/wp-content\/uploads\/2024\/11\/1-l-768x416.png 768w\" sizes=\"(max-width: 889px) 100vw, 889px\" \/><\/a><\/p>\n<p>&nbsp;<\/p>\n<div class=\"xdj266r x11i5rnm xat24cr x1mh8g0r x1vvkbs x126k92a\">\n<hr \/>\n<p style=\"text-align: center;\"><span style=\"font-size: 24pt;\"><em><strong>Pami\u0119tamy<\/strong><\/em><\/span><\/p>\n<p><span style=\"font-size: 14pt;\">Jak co roku, w niedziel\u0119 poprzedzaj\u0105c\u0105 uroczysto\u015b\u0107 Wszystkich \u015awi\u0119tych, nasi Druhowie odwiedzili groby zmar\u0142ych stra\u017cak\u00f3w z naszej jednostki,\u00a0 zapalaj\u0105c znicze na ich nagrobkach. Jest to wyraz naszej pami\u0119ci o tych, kt\u00f3rych ju\u017c dzisiaj z nami nie ma. To wa\u017cne, aby pami\u0119ta\u0107 o ludziach, kt\u00f3rzy po\u015bwi\u0119cili cz\u0119\u015b\u0107 swojego \u017cycia dla dobra innych. Przekazujemy t\u0119 tradycj\u0119 nast\u0119pnym pokoleniom i uczymy naszych m\u0142odych stra\u017cak\u00f3w szacunku do naszych poprzednik\u00f3w, oraz warto\u015bci s\u0142u\u017cby spo\u0142ecznej.\u00a0 Chcemy, aby nasza s\u0142u\u017cba by\u0142a czym\u015b wi\u0119cej ni\u017c tylko obowi\u0105zkiem \u2013 to powo\u0142anie, kt\u00f3re przekazujemy z pokolenia na pokolenie, z nadziej\u0105 na lepsz\u0105 przysz\u0142o\u015b\u0107 i dobro spo\u0142ecze\u0144stwa, kt\u00f3remu s\u0142u\u017cymy.<\/span><\/p>\n<div class=\"x11i5rnm xat24cr x1mh8g0r x1vvkbs xtlvy1s x126k92a\">\n<div dir=\"auto\">\u00a0\u00a0\u00a0\u00a0\u00a0\u00a0\u00a0\u00a0\u00a0\u00a0\u00a0\u00a0\u00a0\u00a0\u00a0\u00a0\u00a0\u00a0\u00a0\u00a0\u00a0\u00a0\u00a0\u00a0\u00a0\u00a0\u00a0\u00a0\u00a0\u00a0\u00a0\u00a0<em><span style=\"font-size: 18pt;\"><strong> \u201cNie umiera ten, kto trwa w pami\u0119ci \u017cywych\u201d<\/strong><\/span><\/em><\/div>\n<div dir=\"auto\">\u00a0\u00a0\u00a0\u00a0\u00a0\u00a0\u00a0\u00a0\u00a0\u00a0\u00a0\u00a0\u00a0\u00a0\u00a0\u00a0\u00a0\u00a0\u00a0\u00a0\u00a0\u00a0\u00a0\u00a0\u00a0\u00a0\u00a0\u00a0\u00a0\u00a0\u00a0\u00a0\u00a0\u00a0\u00a0\u00a0\u00a0\u00a0\u00a0\u00a0\u00a0\u00a0\u00a0\u00a0\u00a0\u00a0\u00a0\u00a0\u00a0\u00a0\u00a0\u00a0\u00a0\u00a0\u00a0\u00a0\u00a0\u00a0\u00a0\u00a0\u00a0\u00a0\u00a0\u00a0\u00a0\u00a0\u00a0\u00a0\u00a0\u00a0\u00a0\u00a0\u00a0\u00a0\u00a0\u00a0\u00a0\u00a0\u00a0\u00a0\u00a0\u00a0\u00a0\u00a0\u00a0\u00a0\u00a0\u00a0\u00a0\u00a0\u00a0\u00a0\u00a0\u00a0\u00a0\u00a0\u00a0\u00a0\u00a0\u00a0\u00a0\u00a0\u00a0\u00a0\u00a0\u00a0\u00a0\u00a0\u00a0\u00a0\u00a0\u00a0\u00a0\u00a0\u00a0\u00a0\u00a0\u00a0\u00a0\u00a0\u00a0\u00a0\u00a0\u00a0\u00a0\u00a0\u00a0\u00a0\u00a0\u00a0\u00a0\u00a0\u00a0\u00a0\u00a0\u00a0\u00a0\u00a0\u00a0\u00a0\u00a0\u00a0\u00a0\u00a0\u00a0\u00a0\u00a0\u00a0\u00a0 <span style=\"font-size: 10pt;\">\u00a0 \u00a0 \u00a0 \u00a0 Ks. Jan Twardowki<\/span><\/div>\n<\/div>\n<h4 dir=\"auto\"><a href=\"http:\/\/www.ospstarawies.brzozow.pl\/index.php\/wydarzenia-2024\/osp-2\/#main\" rel=\"attachment wp-att-1955\"><img decoding=\"async\" loading=\"lazy\" class=\"aligncenter size-full wp-image-1955\" src=\"http:\/\/www.ospstarawies.brzozow.pl\/wp-content\/uploads\/2024\/10\/osp.png\" alt=\"\" width=\"466\" height=\"611\" srcset=\"http:\/\/www.ospstarawies.brzozow.pl\/wp-content\/uploads\/2024\/10\/osp.png 466w, http:\/\/www.ospstarawies.brzozow.pl\/wp-content\/uploads\/2024\/10\/osp-229x300.png 229w\" sizes=\"(max-width: 466px) 100vw, 466px\" \/><\/a><a href=\"http:\/\/www.ospstarawies.brzozow.pl\/index.php\/wydarzenia-2024\/osp-1-listopada\/#main\" rel=\"attachment wp-att-1957\"><img decoding=\"async\" loading=\"lazy\" class=\"aligncenter size-full wp-image-1957\" src=\"http:\/\/www.ospstarawies.brzozow.pl\/wp-content\/uploads\/2024\/10\/osp-1-listopada.png\" alt=\"\" width=\"904\" height=\"515\" srcset=\"http:\/\/www.ospstarawies.brzozow.pl\/wp-content\/uploads\/2024\/10\/osp-1-listopada.png 904w, http:\/\/www.ospstarawies.brzozow.pl\/wp-content\/uploads\/2024\/10\/osp-1-listopada-300x171.png 300w, http:\/\/www.ospstarawies.brzozow.pl\/wp-content\/uploads\/2024\/10\/osp-1-listopada-768x438.png 768w\" sizes=\"(max-width: 904px) 100vw, 904px\" \/><\/a><\/h4>\n<div dir=\"auto\">\n<hr \/>\n<\/div>\n<div dir=\"auto\" style=\"text-align: center;\"><span style=\"font-size: 14pt;\"><strong>PODZI\u0118KOWANIE<\/strong><\/span><\/div>\n<\/div>\n<div class=\"x11i5rnm xat24cr x1mh8g0r x1vvkbs xtlvy1s x126k92a\">\n<div dir=\"auto\" style=\"text-align: center;\">Zarz\u0105d wraz z druhami OSP Stara Wie\u015b pragnie serdecznie podzi\u0119kowa\u0107 firmie DOR-BI Zdzis\u0142aw Birecki<\/div>\n<div dir=\"auto\" style=\"text-align: center;\">za przekazanie kompletu k\u00f3\u0142 do samochodu po\u017carniczego Fort Transit.<\/div>\n<\/div>\n<div dir=\"auto\"><\/div>\n<div class=\"x11i5rnm xat24cr x1mh8g0r x1vvkbs xtlvy1s x126k92a\">\n<div dir=\"auto\">\n<p>&nbsp;<\/p>\n<p><a href=\"http:\/\/www.ospstarawies.brzozow.pl\/index.php\/wydarzenia-2024\/bez-tytulu-2\/#main\" rel=\"attachment wp-att-1939\"><img decoding=\"async\" loading=\"lazy\" class=\"aligncenter wp-image-1939\" src=\"http:\/\/www.ospstarawies.brzozow.pl\/wp-content\/uploads\/2024\/08\/Bez-tytulu-2.png\" alt=\"\" width=\"794\" height=\"376\" srcset=\"http:\/\/www.ospstarawies.brzozow.pl\/wp-content\/uploads\/2024\/08\/Bez-tytulu-2.png 1342w, http:\/\/www.ospstarawies.brzozow.pl\/wp-content\/uploads\/2024\/08\/Bez-tytulu-2-300x142.png 300w, http:\/\/www.ospstarawies.brzozow.pl\/wp-content\/uploads\/2024\/08\/Bez-tytulu-2-1024x485.png 1024w, http:\/\/www.ospstarawies.brzozow.pl\/wp-content\/uploads\/2024\/08\/Bez-tytulu-2-768x363.png 768w\" sizes=\"(max-width: 794px) 100vw, 794px\" \/><\/a><\/p>\n<hr \/>\n<\/div>\n<\/div>\n","protected":false},"excerpt":{"rendered":"<p>WESO\u0141YCH \u00a0\u015aWI\u0104T \u00a0BO\u017bEGO \u00a0NARODZENIA ORAZ \u00a0SZCZ\u0118\u015aLIWEGO \u00a0NOWEGO \u00a0ROKU! &nbsp; Z okazji \u015awi\u0105t Bo\u017cego Narodzenia \u017cyczymy wszystkim mieszka\u0144com naszej miejscowo\u015bci, stra\u017cakom, ich rodzinom du\u017co zdrowia, rado\u015bci, mi\u0142o\u015bci, \u017cyczliwo\u015bci, pi\u0119knych chwil sp\u0119dzonych w gronie rodzinnym. Niech Bo\u017ce Dzieci\u0119 obdarza wszystkich pokojem, pomy\u015blno\u015bci\u0105 w codziennych staraniach i troskach, aby ten \u015bwi\u0105teczny czas by\u0142 okazj\u0105 do odpoczynku od wszelkich &#8230; <a title=\"Aktualno\u015bci 2024\" class=\"read-more\" href=\"http:\/\/www.ospstarawies.brzozow.pl\/index.php\/wydarzenia-2024\/\" aria-label=\"More on Aktualno\u015bci 2024\">Czytaj dalej<\/a><\/p>\n","protected":false},"author":1,"featured_media":0,"parent":0,"menu_order":0,"comment_status":"closed","ping_status":"closed","template":"","meta":[],"_links":{"self":[{"href":"http:\/\/www.ospstarawies.brzozow.pl\/index.php\/wp-json\/wp\/v2\/pages\/1938"}],"collection":[{"href":"http:\/\/www.ospstarawies.brzozow.pl\/index.php\/wp-json\/wp\/v2\/pages"}],"about":[{"href":"http:\/\/www.ospstarawies.brzozow.pl\/index.php\/wp-json\/wp\/v2\/types\/page"}],"author":[{"embeddable":true,"href":"http:\/\/www.ospstarawies.brzozow.pl\/index.php\/wp-json\/wp\/v2\/users\/1"}],"replies":[{"embeddable":true,"href":"http:\/\/www.ospstarawies.brzozow.pl\/index.php\/wp-json\/wp\/v2\/comments?post=1938"}],"version-history":[{"count":27,"href":"http:\/\/www.ospstarawies.brzozow.pl\/index.php\/wp-json\/wp\/v2\/pages\/1938\/revisions"}],"predecessor-version":[{"id":2208,"href":"http:\/\/www.ospstarawies.brzozow.pl\/index.php\/wp-json\/wp\/v2\/pages\/1938\/revisions\/2208"}],"wp:attachment":[{"href":"http:\/\/www.ospstarawies.brzozow.pl\/index.php\/wp-json\/wp\/v2\/media?parent=1938"}],"curies":[{"name":"wp","href":"https:\/\/api.w.org\/{rel}","templated":true}]}}