{"id":25,"date":"2016-12-15T11:57:21","date_gmt":"2016-12-15T10:57:21","guid":{"rendered":"http:\/\/www.ospstarawies.brzozow.pl\/?page_id=25"},"modified":"2026-03-15T14:56:48","modified_gmt":"2026-03-15T13:56:48","slug":"zarzad-i-czlonkowie","status":"publish","type":"page","link":"http:\/\/www.ospstarawies.brzozow.pl\/index.php\/zarzad-i-czlonkowie\/","title":{"rendered":"Zarz\u0105d i cz\u0142onkowie"},"content":{"rendered":"<p><span style=\"font-size: 18pt;\"><strong>CZ\u0141ONKOWIE ZARZ\u0104DU OSP STARA WIE\u015a:<\/strong><\/span><\/p>\n<p><a href=\"http:\/\/www.ospstarawies.brzozow.pl\/index.php\/zarzad-i-czlonkowie\/prezes1\/#main\" rel=\"attachment wp-att-3395\"><img decoding=\"async\" loading=\"lazy\" class=\"alignleft size-medium wp-image-3395\" src=\"http:\/\/www.ospstarawies.brzozow.pl\/wp-content\/uploads\/2026\/03\/PREZES1-280x300.jpg\" alt=\"\" width=\"280\" height=\"300\" srcset=\"http:\/\/www.ospstarawies.brzozow.pl\/wp-content\/uploads\/2026\/03\/PREZES1-280x300.jpg 280w, http:\/\/www.ospstarawies.brzozow.pl\/wp-content\/uploads\/2026\/03\/PREZES1-955x1024.jpg 955w, http:\/\/www.ospstarawies.brzozow.pl\/wp-content\/uploads\/2026\/03\/PREZES1-768x823.jpg 768w, http:\/\/www.ospstarawies.brzozow.pl\/wp-content\/uploads\/2026\/03\/PREZES1-1433x1536.jpg 1433w, http:\/\/www.ospstarawies.brzozow.pl\/wp-content\/uploads\/2026\/03\/PREZES1-1910x2048.jpg 1910w\" sizes=\"(max-width: 280px) 100vw, 280px\" \/><\/a><\/p>\n<p>&nbsp;<\/p>\n<p>Prezes &#8211; <strong>Krzysztof Szuba<\/strong><\/p>\n<p>&nbsp;<\/p>\n<p>&nbsp;<\/p>\n<p>&nbsp;<\/p>\n<p>&nbsp;<\/p>\n<p>&nbsp;<\/p>\n<p><a href=\"http:\/\/www.ospstarawies.brzozow.pl\/index.php\/zarzad-i-czlonkowie\/mirek\/#main\" rel=\"attachment wp-att-3396\"><img decoding=\"async\" loading=\"lazy\" class=\"alignleft size-medium wp-image-3396\" src=\"http:\/\/www.ospstarawies.brzozow.pl\/wp-content\/uploads\/2026\/03\/MIREK-274x300.jpg\" alt=\"\" width=\"274\" height=\"300\" srcset=\"http:\/\/www.ospstarawies.brzozow.pl\/wp-content\/uploads\/2026\/03\/MIREK-274x300.jpg 274w, http:\/\/www.ospstarawies.brzozow.pl\/wp-content\/uploads\/2026\/03\/MIREK-935x1024.jpg 935w, http:\/\/www.ospstarawies.brzozow.pl\/wp-content\/uploads\/2026\/03\/MIREK-768x841.jpg 768w, http:\/\/www.ospstarawies.brzozow.pl\/wp-content\/uploads\/2026\/03\/MIREK-1403x1536.jpg 1403w, http:\/\/www.ospstarawies.brzozow.pl\/wp-content\/uploads\/2026\/03\/MIREK-1870x2048.jpg 1870w\" sizes=\"(max-width: 274px) 100vw, 274px\" \/><\/a><\/p>\n<p>&nbsp;<\/p>\n<p>&nbsp;<\/p>\n<p>Naczelnik &#8211; <strong>Miros\u0142aw \u017bmuda<\/strong><\/p>\n<p>&nbsp;<\/p>\n<p>&nbsp;<\/p>\n<p>&nbsp;<\/p>\n<p>&nbsp;<\/p>\n<p><a href=\"http:\/\/www.ospstarawies.brzozow.pl\/index.php\/zarzad-i-czlonkowie\/kuba\/#main\" rel=\"attachment wp-att-3403\"><img decoding=\"async\" loading=\"lazy\" class=\"alignleft size-medium wp-image-3403\" src=\"http:\/\/www.ospstarawies.brzozow.pl\/wp-content\/uploads\/2026\/03\/KUBA-247x300.jpg\" alt=\"\" width=\"247\" height=\"300\" srcset=\"http:\/\/www.ospstarawies.brzozow.pl\/wp-content\/uploads\/2026\/03\/KUBA-247x300.jpg 247w, http:\/\/www.ospstarawies.brzozow.pl\/wp-content\/uploads\/2026\/03\/KUBA.jpg 443w\" sizes=\"(max-width: 247px) 100vw, 247px\" \/><\/a><\/p>\n<p>&nbsp;<\/p>\n<p>Wiceprezes &#8211; <strong>\u0141ukasz Nogaj<\/strong><\/p>\n<p>&nbsp;<\/p>\n<p>&nbsp;<\/p>\n<p>&nbsp;<\/p>\n<p>&nbsp;<\/p>\n<p>&nbsp;<\/p>\n<p><a href=\"http:\/\/www.ospstarawies.brzozow.pl\/index.php\/zarzad-i-czlonkowie\/jarek\/#main\" rel=\"attachment wp-att-3402\"><img decoding=\"async\" loading=\"lazy\" class=\"alignleft size-medium wp-image-3402\" src=\"http:\/\/www.ospstarawies.brzozow.pl\/wp-content\/uploads\/2026\/03\/JAREK-300x300.jpg\" alt=\"\" width=\"300\" height=\"300\" srcset=\"http:\/\/www.ospstarawies.brzozow.pl\/wp-content\/uploads\/2026\/03\/JAREK-300x300.jpg 300w, http:\/\/www.ospstarawies.brzozow.pl\/wp-content\/uploads\/2026\/03\/JAREK-1024x1024.jpg 1024w, http:\/\/www.ospstarawies.brzozow.pl\/wp-content\/uploads\/2026\/03\/JAREK-150x150.jpg 150w, http:\/\/www.ospstarawies.brzozow.pl\/wp-content\/uploads\/2026\/03\/JAREK-768x768.jpg 768w, http:\/\/www.ospstarawies.brzozow.pl\/wp-content\/uploads\/2026\/03\/JAREK-1536x1536.jpg 1536w, http:\/\/www.ospstarawies.brzozow.pl\/wp-content\/uploads\/2026\/03\/JAREK-2048x2048.jpg 2048w\" sizes=\"(max-width: 300px) 100vw, 300px\" \/><\/a><\/p>\n<p>&nbsp;<\/p>\n<p>&nbsp;<\/p>\n<p>Z-ca naczelnika &#8211;<strong> Jaros\u0142aw Wolanin<br \/>\n<\/strong><\/p>\n<p>&nbsp;<\/p>\n<p>&nbsp;<\/p>\n<p>&nbsp;<\/p>\n<p>&nbsp;<\/p>\n<p><a href=\"http:\/\/www.ospstarawies.brzozow.pl\/index.php\/zarzad-i-czlonkowie\/siwy\/#main\" rel=\"attachment wp-att-3406\"><img decoding=\"async\" loading=\"lazy\" class=\"alignleft size-medium wp-image-3406\" src=\"http:\/\/www.ospstarawies.brzozow.pl\/wp-content\/uploads\/2026\/03\/SIWY-259x300.jpg\" alt=\"\" width=\"259\" height=\"300\" srcset=\"http:\/\/www.ospstarawies.brzozow.pl\/wp-content\/uploads\/2026\/03\/SIWY-259x300.jpg 259w, http:\/\/www.ospstarawies.brzozow.pl\/wp-content\/uploads\/2026\/03\/SIWY.jpg 517w\" sizes=\"(max-width: 259px) 100vw, 259px\" \/><\/a><\/p>\n<p>&nbsp;<\/p>\n<p>&nbsp;<\/p>\n<p>Sekretarz &#8211; <strong>Marcin Siwy<br \/>\n<\/strong><\/p>\n<p>&nbsp;<\/p>\n<p>&nbsp;<\/p>\n<p>&nbsp;<\/p>\n<p>&nbsp;<\/p>\n<p><a href=\"http:\/\/www.ospstarawies.brzozow.pl\/index.php\/zarzad-i-czlonkowie\/adam1\/#main\" rel=\"attachment wp-att-3397\"><img decoding=\"async\" loading=\"lazy\" class=\"alignleft size-medium wp-image-3397\" src=\"http:\/\/www.ospstarawies.brzozow.pl\/wp-content\/uploads\/2026\/03\/ADAM1-285x300.jpg\" alt=\"\" width=\"285\" height=\"300\" srcset=\"http:\/\/www.ospstarawies.brzozow.pl\/wp-content\/uploads\/2026\/03\/ADAM1-285x300.jpg 285w, http:\/\/www.ospstarawies.brzozow.pl\/wp-content\/uploads\/2026\/03\/ADAM1.jpg 577w\" sizes=\"(max-width: 285px) 100vw, 285px\" \/><\/a><\/p>\n<p>&nbsp;<\/p>\n<p>&nbsp;<\/p>\n<p>Skarbnik &#8211; <strong>Adam Szarek<\/strong><\/p>\n<p>&nbsp;<\/p>\n<p>&nbsp;<\/p>\n<p>&nbsp;<\/p>\n<p>&nbsp;<\/p>\n<p><a href=\"http:\/\/www.ospstarawies.brzozow.pl\/index.php\/zarzad-i-czlonkowie\/doktor\/#main\" rel=\"attachment wp-att-3399\"><img decoding=\"async\" loading=\"lazy\" class=\"alignleft size-medium wp-image-3399\" src=\"http:\/\/www.ospstarawies.brzozow.pl\/wp-content\/uploads\/2026\/03\/DOKTOR-300x300.jpg\" alt=\"\" width=\"300\" height=\"300\" srcset=\"http:\/\/www.ospstarawies.brzozow.pl\/wp-content\/uploads\/2026\/03\/DOKTOR-300x300.jpg 300w, http:\/\/www.ospstarawies.brzozow.pl\/wp-content\/uploads\/2026\/03\/DOKTOR-1024x1024.jpg 1024w, http:\/\/www.ospstarawies.brzozow.pl\/wp-content\/uploads\/2026\/03\/DOKTOR-150x150.jpg 150w, http:\/\/www.ospstarawies.brzozow.pl\/wp-content\/uploads\/2026\/03\/DOKTOR-768x768.jpg 768w, http:\/\/www.ospstarawies.brzozow.pl\/wp-content\/uploads\/2026\/03\/DOKTOR-1536x1536.jpg 1536w, http:\/\/www.ospstarawies.brzozow.pl\/wp-content\/uploads\/2026\/03\/DOKTOR-2048x2048.jpg 2048w\" sizes=\"(max-width: 300px) 100vw, 300px\" \/><\/a><\/p>\n<p>&nbsp;<\/p>\n<p>&nbsp;<\/p>\n<p>Gospodarz- <strong>Micha\u0142 Jagielski<\/strong><\/p>\n<p>&nbsp;<\/p>\n<p>&nbsp;<\/p>\n<p>&nbsp;<\/p>\n<p>&nbsp;<\/p>\n<p><a href=\"http:\/\/www.ospstarawies.brzozow.pl\/index.php\/zarzad-i-czlonkowie\/marcin\/#main\" rel=\"attachment wp-att-3405\"><img decoding=\"async\" loading=\"lazy\" class=\"alignleft size-medium wp-image-3405\" src=\"http:\/\/www.ospstarawies.brzozow.pl\/wp-content\/uploads\/2026\/03\/MARCIN-285x300.jpg\" alt=\"\" width=\"285\" height=\"300\" srcset=\"http:\/\/www.ospstarawies.brzozow.pl\/wp-content\/uploads\/2026\/03\/MARCIN-285x300.jpg 285w, http:\/\/www.ospstarawies.brzozow.pl\/wp-content\/uploads\/2026\/03\/MARCIN-972x1024.jpg 972w, http:\/\/www.ospstarawies.brzozow.pl\/wp-content\/uploads\/2026\/03\/MARCIN-768x809.jpg 768w, http:\/\/www.ospstarawies.brzozow.pl\/wp-content\/uploads\/2026\/03\/MARCIN-1459x1536.jpg 1459w, http:\/\/www.ospstarawies.brzozow.pl\/wp-content\/uploads\/2026\/03\/MARCIN-1945x2048.jpg 1945w\" sizes=\"(max-width: 285px) 100vw, 285px\" \/><\/a><\/p>\n<p>&nbsp;<\/p>\n<p>&nbsp;<\/p>\n<p>Kronikarz &#8211; <strong>Marcin Baran<br \/>\n<\/strong><\/p>\n<p>&nbsp;<\/p>\n<p>&nbsp;<\/p>\n<p>&nbsp;<\/p>\n<p>&nbsp;<\/p>\n<p><a href=\"http:\/\/www.ospstarawies.brzozow.pl\/index.php\/zarzad-i-czlonkowie\/seo9xpjn-crop\/#main\" rel=\"attachment wp-att-3407\"><img decoding=\"async\" loading=\"lazy\" class=\"alignleft size-medium wp-image-3407\" src=\"http:\/\/www.ospstarawies.brzozow.pl\/wp-content\/uploads\/2026\/03\/SeO9xPJN-crop-289x300.jpg\" alt=\"\" width=\"289\" height=\"300\" srcset=\"http:\/\/www.ospstarawies.brzozow.pl\/wp-content\/uploads\/2026\/03\/SeO9xPJN-crop-289x300.jpg 289w, http:\/\/www.ospstarawies.brzozow.pl\/wp-content\/uploads\/2026\/03\/SeO9xPJN-crop.jpg 543w\" sizes=\"(max-width: 289px) 100vw, 289px\" \/><\/a><\/p>\n<p>&nbsp;<\/p>\n<p>&nbsp;<\/p>\n<p>Cz\u0142onek zarz\u0105du &#8211; <strong>Bogdan Gdula<br \/>\n<\/strong><\/p>\n<p>&nbsp;<\/p>\n<p>&nbsp;<\/p>\n<p>&nbsp;<\/p>\n<p>&nbsp;<\/p>\n<p>&nbsp;<\/p>\n<p>&nbsp;<\/p>\n<p><span style=\"font-size: 18pt;\"><strong>KOMISJA REWIZYJNA OSP STARA WIE\u015a:<\/strong><\/span><\/p>\n<p>&nbsp;<\/p>\n<p><a href=\"http:\/\/www.ospstarawies.brzozow.pl\/index.php\/zarzad-i-czlonkowie\/marcin-nogaj\/#main\" rel=\"attachment wp-att-3404\"><img decoding=\"async\" loading=\"lazy\" class=\"alignleft size-medium wp-image-3404\" src=\"http:\/\/www.ospstarawies.brzozow.pl\/wp-content\/uploads\/2026\/03\/MARCIN-NOGAJ-279x300.jpg\" alt=\"\" width=\"279\" height=\"300\" srcset=\"http:\/\/www.ospstarawies.brzozow.pl\/wp-content\/uploads\/2026\/03\/MARCIN-NOGAJ-279x300.jpg 279w, http:\/\/www.ospstarawies.brzozow.pl\/wp-content\/uploads\/2026\/03\/MARCIN-NOGAJ-953x1024.jpg 953w, http:\/\/www.ospstarawies.brzozow.pl\/wp-content\/uploads\/2026\/03\/MARCIN-NOGAJ-768x825.jpg 768w, http:\/\/www.ospstarawies.brzozow.pl\/wp-content\/uploads\/2026\/03\/MARCIN-NOGAJ-1430x1536.jpg 1430w, http:\/\/www.ospstarawies.brzozow.pl\/wp-content\/uploads\/2026\/03\/MARCIN-NOGAJ-1907x2048.jpg 1907w\" sizes=\"(max-width: 279px) 100vw, 279px\" \/><\/a><\/p>\n<p>&nbsp;<\/p>\n<p>Przewodnicz\u0105cy \u2013 <strong>Marcin Nogaj<br \/>\n<\/strong><\/p>\n<p>&nbsp;<\/p>\n<p>&nbsp;<\/p>\n<p>&nbsp;<\/p>\n<p>&nbsp;<\/p>\n<p>&nbsp;<\/p>\n<p><a href=\"http:\/\/www.ospstarawies.brzozow.pl\/index.php\/zarzad-i-czlonkowie\/gdula\/#main\" rel=\"attachment wp-att-3401\"><img decoding=\"async\" loading=\"lazy\" class=\"alignleft size-medium wp-image-3401\" src=\"http:\/\/www.ospstarawies.brzozow.pl\/wp-content\/uploads\/2026\/03\/GDULA-270x300.jpg\" alt=\"\" width=\"270\" height=\"300\" srcset=\"http:\/\/www.ospstarawies.brzozow.pl\/wp-content\/uploads\/2026\/03\/GDULA-270x300.jpg 270w, http:\/\/www.ospstarawies.brzozow.pl\/wp-content\/uploads\/2026\/03\/GDULA-923x1024.jpg 923w, http:\/\/www.ospstarawies.brzozow.pl\/wp-content\/uploads\/2026\/03\/GDULA-768x852.jpg 768w, http:\/\/www.ospstarawies.brzozow.pl\/wp-content\/uploads\/2026\/03\/GDULA-1385x1536.jpg 1385w, http:\/\/www.ospstarawies.brzozow.pl\/wp-content\/uploads\/2026\/03\/GDULA-1846x2048.jpg 1846w\" sizes=\"(max-width: 270px) 100vw, 270px\" \/><\/a><\/p>\n<p>Zast\u0119pca przewodnicz\u0105cego \u2013 <strong>Grzegorz Gdula<\/strong><\/p>\n<p>&nbsp;<\/p>\n<p>&nbsp;<\/p>\n<p>&nbsp;<\/p>\n<p>&nbsp;<\/p>\n<p>&nbsp;<\/p>\n<p>&nbsp;<\/p>\n<p><a href=\"http:\/\/www.ospstarawies.brzozow.pl\/index.php\/zarzad-i-czlonkowie\/drorzdzal\/#main\" rel=\"attachment wp-att-3400\"><img decoding=\"async\" loading=\"lazy\" class=\"alignleft size-medium wp-image-3400\" src=\"http:\/\/www.ospstarawies.brzozow.pl\/wp-content\/uploads\/2026\/03\/DRORZDZAL-273x300.jpg\" alt=\"\" width=\"273\" height=\"300\" srcset=\"http:\/\/www.ospstarawies.brzozow.pl\/wp-content\/uploads\/2026\/03\/DRORZDZAL-273x300.jpg 273w, http:\/\/www.ospstarawies.brzozow.pl\/wp-content\/uploads\/2026\/03\/DRORZDZAL-934x1024.jpg 934w, http:\/\/www.ospstarawies.brzozow.pl\/wp-content\/uploads\/2026\/03\/DRORZDZAL-768x842.jpg 768w, http:\/\/www.ospstarawies.brzozow.pl\/wp-content\/uploads\/2026\/03\/DRORZDZAL-1400x1536.jpg 1400w, http:\/\/www.ospstarawies.brzozow.pl\/wp-content\/uploads\/2026\/03\/DRORZDZAL-1867x2048.jpg 1867w\" sizes=\"(max-width: 273px) 100vw, 273px\" \/><\/a><\/p>\n<p>&nbsp;<\/p>\n<p>Cz\u0142onek \u2013 <strong>Mateusz Dro\u017cd\u017cal<br \/>\n<\/strong><\/p>\n<p>&nbsp;<\/p>\n","protected":false},"excerpt":{"rendered":"<p>CZ\u0141ONKOWIE ZARZ\u0104DU OSP STARA WIE\u015a: &nbsp; Prezes &#8211; Krzysztof Szuba &nbsp; &nbsp; &nbsp; &nbsp; &nbsp; &nbsp; &nbsp; Naczelnik &#8211; Miros\u0142aw \u017bmuda &nbsp; &nbsp; &nbsp; &nbsp; &nbsp; Wiceprezes &#8211; \u0141ukasz Nogaj &nbsp; &nbsp; &nbsp; &nbsp; &nbsp; &nbsp; &nbsp; Z-ca naczelnika &#8211; Jaros\u0142aw Wolanin &nbsp; &nbsp; &nbsp; &nbsp; &nbsp; &nbsp; Sekretarz &#8211; Marcin Siwy &nbsp; &nbsp; &nbsp; &#8230; <a title=\"Zarz\u0105d i cz\u0142onkowie\" class=\"read-more\" href=\"http:\/\/www.ospstarawies.brzozow.pl\/index.php\/zarzad-i-czlonkowie\/\" aria-label=\"More on Zarz\u0105d i cz\u0142onkowie\">Czytaj dalej<\/a><\/p>\n","protected":false},"author":1,"featured_media":0,"parent":0,"menu_order":0,"comment_status":"closed","ping_status":"closed","template":"","meta":[],"_links":{"self":[{"href":"http:\/\/www.ospstarawies.brzozow.pl\/index.php\/wp-json\/wp\/v2\/pages\/25"}],"collection":[{"href":"http:\/\/www.ospstarawies.brzozow.pl\/index.php\/wp-json\/wp\/v2\/pages"}],"about":[{"href":"http:\/\/www.ospstarawies.brzozow.pl\/index.php\/wp-json\/wp\/v2\/types\/page"}],"author":[{"embeddable":true,"href":"http:\/\/www.ospstarawies.brzozow.pl\/index.php\/wp-json\/wp\/v2\/users\/1"}],"replies":[{"embeddable":true,"href":"http:\/\/www.ospstarawies.brzozow.pl\/index.php\/wp-json\/wp\/v2\/comments?post=25"}],"version-history":[{"count":19,"href":"http:\/\/www.ospstarawies.brzozow.pl\/index.php\/wp-json\/wp\/v2\/pages\/25\/revisions"}],"predecessor-version":[{"id":3409,"href":"http:\/\/www.ospstarawies.brzozow.pl\/index.php\/wp-json\/wp\/v2\/pages\/25\/revisions\/3409"}],"wp:attachment":[{"href":"http:\/\/www.ospstarawies.brzozow.pl\/index.php\/wp-json\/wp\/v2\/media?parent=25"}],"curies":[{"name":"wp","href":"https:\/\/api.w.org\/{rel}","templated":true}]}}